{"id":630,"date":"2025-03-18T11:57:10","date_gmt":"2025-03-18T10:57:10","guid":{"rendered":"https:\/\/htv-nk.de\/?post_type=tribe_events&#038;p=630"},"modified":"2025-03-18T12:04:29","modified_gmt":"2025-03-18T11:04:29","slug":"oberfraenkische-trachtenwallfahrt","status":"publish","type":"tribe_events","link":"https:\/\/htv-nk.de\/index.php\/event\/oberfraenkische-trachtenwallfahrt\/","title":{"rendered":"Oberfr\u00e4nkische Trachtenwallfahrt"},"content":{"rendered":"<div  class=\"tribe-events-schedule tribe-clearfix\" >\n\t<p class=\"tribe-events-schedule__datetime\">\n\t\t<span class=\"tribe-events-schedule__date tribe-events-schedule__date--start\">\n\t\t\t25. Mai 2025\t\t<\/span>\n\n\t\t\t\t\t<span class=\"tribe-events-schedule__separator tribe-events-schedule__separator--date\">\n\t\t\t\t | \t\t\t<\/span>\n\t\t\t<span class=\"tribe-events-schedule__time tribe-events-schedule__time--start\">\n\t\t\t\t9:00\t\t\t<\/span>\n\t\t\n\t\t\t<\/p>\n<\/div>\n\n\n\n<p>Liebe Trachtlerinnen und Trachtler,<br>liebe Heimatfreunde,<\/p>\n\n\n\n<p>wir m\u00f6chten hiermit alle Trachtenvereine des Trachtengeauverbandes Oberfranken ganz herzlich zu<br>unserer traditionellen \u201eTrachtenwallfahrt 2025\u201c einladen.<\/p>\n\n\n\n<p>Wir treffen uns am Sonntag, den 25.05.2025, um 09.00 Uhr an der Grundschule, Deerlijker<br>Platz 1, 91077 Neunkirchen am Brand.<\/p>\n\n\n\n<p>Die Wallfahrt f\u00fchrt uns durch unseren sch\u00f6nen Innerort zur Pfarrkirche St. Michael. Auf dem Weg<br>wird uns die Jugend &#8211; und Trachtenkapelle Neunkirchen am Brand musikalisch begleiten.<br>Der Gottesdienst mit Herrn Pfarrer Joachim Cibura beginnt um 10.30 Uhr in unserer Pfarrkirche St.<br>Michael.<\/p>\n\n\n\n<p>Bitte nehmen Sie direkte Bestellungen f\u00fcr den Mittagstisch bei den aufgef\u00fchrten Gasth\u00e4usern vor.<\/p>\n\n\n\n<p>Der Heimat- und Trachtenverein Neunkirchen am Brand e.V. freut sich auf eine zahlreiche Beteiligung<br>der Vereine.<\/p>\n\n\n\n<p>Zur Erleichterung der Vorbereitung bitten wir Sie um R\u00fcckmeldung bis sp\u00e4testens Sonntag,<br>11.05.2025, unter einer der nachstehend genannten Telefonnummern:<\/p>\n\n\n\n<p>Christine Schmitt \u2013 1. Vorsitzende Mobil 01 76 &#8211; 80 45 00 75<br>Petra Kapp &#8211; 2. Vorsitzende Mobil 01 76 &#8211; 30 38 40 30<br>Anita Heidig &#8211; 3. Vorsitzende Mobil 01 74 &#8211; 6 81 26 53<\/p>\n\n\n\n<p>Wir freuen uns auf Euer Kommen.<\/p>\n\n\n\n<p>M\u00f6glichkeiten zum Mittagessen:<\/p>\n\n\n\n<ul class=\"wp-block-list\">\n<li>Gasthaus \u201eB\u00fcrgerstuben\u201c<br>Sudetenstra\u00dfe 3, 91077 Neunkirchen am Brand<br>Tel. 0 91 34 &#8211; 99 33 56<\/li>\n\n\n\n<li>Gasthaus \u201cZur Seku\u201c<br>Bahnhofstra\u00dfe 2, 91077 Neunkirchen am Brand<br>Tel. 0 91 34 \u2013 59 15<br>https:\/\/zur-seku.de<\/li>\n\n\n\n<li>\u201ePolster\u2019s Klosterhof\u201c<br>Innerer Markt 7, 91077 Neunkirchen am Brand<br>Tel. 0 91 34 \u2013 7 07 30 16<br>https:\/\/polsters-klosterhof.de<\/li>\n\n\n\n<li>Gasthaus \u201c Zur Post\u201d (Griechisches Restaurant)<br>Gr\u00e4fenberger Stra\u00dfe 2, 91077 Neunkirchen am Brand<br>Tel. 0 91 34 &#8211; 7 08 20 99<br>https:\/\/gasthof-zur-post-neunkirchen.de<\/li>\n\n\n\n<li>Pizzeria Trattoria da Pasquale<br>Forchheimer Stra\u00dfe 5, 91077 Neunkirchen am Brand<br>Tel. 0 91 34 \u2013 56 53<br>https:\/\/www.speisekarte.de\/neunkirchen-ambrand\/restaurant\/pizzeria_da_pasquale_inh__pasquale_marchese<\/li>\n\n\n\n<li>Gasthaus Alexis Zorbas (Griechisches Restaurant)<br>Forchheimer Stra\u00dfe 7a, 91077 Neunkirchen am Brand<br>Tel. 0 91 34 \u2013 50 85<br>https:\/\/www.alexis-zorbas-neunkirchen.de<\/li>\n<\/ul>\n\n\n<div  class=\"tribe-block tribe-block__event-price\" >\n\t\t<\/div>\n\n\n\n\n<div  class=\"tribe-block tribe-block__venue tribe-clearfix\" >\n\t\n\t\t\n\t<\/div>\n\n\n\n\n\t<div  class=\"tribe-block tribe-block__events-link\" >\n\t\t<div class=\"tribe-events tribe-common\">\n\t\t\t<div class=\"tribe-events-c-subscribe-dropdown__container\">\n\t\t\t\t<div class=\"tribe-events-c-subscribe-dropdown\">\n\t\t\t\t\t<div class=\"tribe-common-c-btn-border tribe-events-c-subscribe-dropdown__button\">\n\t\t\t\t\t\t<svg\n\t class=\"tribe-common-c-svgicon tribe-common-c-svgicon--cal-export tribe-events-c-subscribe-dropdown__export-icon\" \taria-hidden=\"true\"\n\tviewBox=\"0 0 23 17\"\n\txmlns=\"http:\/\/www.w3.org\/2000\/svg\"\n>\n\t<path fill-rule=\"evenodd\" clip-rule=\"evenodd\" d=\"M.128.896V16.13c0 .211.145.383.323.383h15.354c.179 0 .323-.172.323-.383V.896c0-.212-.144-.383-.323-.383H.451C.273.513.128.684.128.896Zm16 6.742h-.901V4.679H1.009v10.729h14.218v-3.336h.901V7.638ZM1.01 1.614h14.218v2.058H1.009V1.614Z\" \/>\n\t<path d=\"M20.5 9.846H8.312M18.524 6.953l2.89 2.909-2.855 2.855\" stroke-width=\"1.2\" stroke-linecap=\"round\" stroke-linejoin=\"round\"\/>\n<\/svg>\n\t\t\t\t\t\t<button\n\t\t\t\t\t\t\tclass=\"tribe-events-c-subscribe-dropdown__button-text\"\n\t\t\t\t\t\t\taria-expanded=\"false\"\n\t\t\t\t\t\t\taria-controls=\"tribe-events-subscribe-dropdown-content\"\n\t\t\t\t\t\t\taria-label=\"Zeige Links an um Veranstaltungen zu deinem Kalender hinzuzuf\u00fcgen\"\n\t\t\t\t\t\t>\n\t\t\t\t\t\t\tZum Kalender hinzuf\u00fcgen\t\t\t\t\t\t<\/button>\n\t\t\t\t\t\t<svg\n\t class=\"tribe-common-c-svgicon tribe-common-c-svgicon--caret-down tribe-events-c-subscribe-dropdown__button-icon\" \taria-hidden=\"true\"\n\tviewBox=\"0 0 10 7\"\n\txmlns=\"http:\/\/www.w3.org\/2000\/svg\"\n>\n\t<path fill-rule=\"evenodd\" clip-rule=\"evenodd\" d=\"M1.008.609L5 4.6 8.992.61l.958.958L5 6.517.05 1.566l.958-.958z\" class=\"tribe-common-c-svgicon__svg-fill\"\/>\n<\/svg>\n\t\t\t\t\t<\/div>\n\t\t\t\t\t<div id=\"tribe-events-subscribe-dropdown-content\" class=\"tribe-events-c-subscribe-dropdown__content\">\n\t\t\t\t\t\t<ul class=\"tribe-events-c-subscribe-dropdown__list\">\n\t\t\t\t\t\t\t\t\t\t\t\t\t\t\t<li class=\"tribe-events-c-subscribe-dropdown__list-item tribe-events-c-subscribe-dropdown__list-item--gcal\">\n\t\t\t\t\t\t\t\t\t<a\n\t\t\t\t\t\t\t\t\t\thref=\"https:\/\/www.google.com\/calendar\/event?action=TEMPLATE&#038;dates=20250525T090000\/20250525T090000&#038;text=Oberfr%C3%A4nkische%20Trachtenwallfahrt&#038;details=%3Cp%3ELiebe+Trachtlerinnen+und+Trachtler%2C%3Cbr+%2F%3Eliebe+Heimatfreunde%2C%3C%2Fp%3E+%3Cp%3Ewir+m%C3%B6chten+hiermit+alle+Trachtenvereine+des+Trachtengeauverbandes+Oberfranken+ganz+herzlich+zu%3Cbr+%2F%3Eunserer+traditionellen+%E2%80%9ETrachtenwallfahrt+2025%E2%80%9C+einladen.%3C%2Fp%3E+%3Cp%3EWir+treffen+uns+am+Sonntag%2C+den+25.05.2025%2C+um+09.00+Uhr+an+der+Grundschule%2C+Deerlijker%3Cbr+%2F%3EPlatz+1%2C+91077+Neunkirchen+am+Brand.%3C%2Fp%3E+%3Cp%3EDie+Wallfahrt+f%C3%BChrt+uns+durch+unseren+sch%C3%B6nen+Innerort+zur+Pfarrkirche+St.+Michael.+Auf+dem+Weg%3Cbr+%2F%3Ewird+uns+die+Jugend+-+und+Trachtenkapelle+Neunkirchen+am+Brand+musikalisch+begleiten.%3Cbr+%2F%3EDer+Gottesdienst+mit+Herrn+Pfarrer+Joachim+Cibura+beginnt+um+10.30+Uhr+in+unserer+Pfarrkirche+St.%3Cbr+%2F%3EMichael.%3C%2Fp%3E+%3Cp%3EBitte+nehmen+Sie+direkte+Bestellungen+f%C3%BCr+den+Mittagstisch+bei+den+aufgef%C3%BChrten+Gasth%C3%A4usern+vor.%3C%2Fp%3E+%3Cp%3EDer+Heimat-+und+Trachtenverein+Neunkirchen+am+Brand+e.V.+freut+sich+auf+eine+zahlreiche+Beteiligung%3Cbr+%2F%3Eder+Vereine.%3C%2Fp%3E+%3Cp%3EZur+Erleichterung+der+Vorbereitung+bitten+wir+Sie+um+R%C3%BCck%3C%2Fp%3E+%28Zeige+vollst%C3%A4ndige+Veranstaltung-Beschreibung+hier+an%3A+https%3A%2F%2Fhtv-nk.de%2Findex.php%2Fevent%2Foberfraenkische-trachtenwallfahrt%2F%29&#038;trp=false&#038;ctz=Europe\/Berlin&#038;sprop=website:https:\/\/htv-nk.de\"\n\t\t\t\t\t\t\t\t\t\tclass=\"tribe-events-c-subscribe-dropdown__list-item-link\"\n\t\t\t\t\t\t\t\t\t\ttarget=\"_blank\"\n\t\t\t\t\t\t\t\t\t\trel=\"noopener noreferrer nofollow noindex\"\n\t\t\t\t\t\t\t\t\t>\n\t\t\t\t\t\t\t\t\t\tGoogle Kalender\t\t\t\t\t\t\t\t\t<\/a>\n\t\t\t\t\t\t\t\t<\/li>\n\t\t\t\t\t\t\t\t\t\t\t\t\t\t\t<li class=\"tribe-events-c-subscribe-dropdown__list-item tribe-events-c-subscribe-dropdown__list-item--ical\">\n\t\t\t\t\t\t\t\t\t<a\n\t\t\t\t\t\t\t\t\t\thref=\"\"\n\t\t\t\t\t\t\t\t\t\tclass=\"tribe-events-c-subscribe-dropdown__list-item-link\"\n\t\t\t\t\t\t\t\t\t\ttarget=\"_blank\"\n\t\t\t\t\t\t\t\t\t\trel=\"noopener noreferrer nofollow noindex\"\n\t\t\t\t\t\t\t\t\t>\n\t\t\t\t\t\t\t\t\t\tiCalendar\t\t\t\t\t\t\t\t\t<\/a>\n\t\t\t\t\t\t\t\t<\/li>\n\t\t\t\t\t\t\t\t\t\t\t\t\t\t\t<li class=\"tribe-events-c-subscribe-dropdown__list-item tribe-events-c-subscribe-dropdown__list-item--outlook-365\">\n\t\t\t\t\t\t\t\t\t<a\n\t\t\t\t\t\t\t\t\t\thref=\"\"\n\t\t\t\t\t\t\t\t\t\tclass=\"tribe-events-c-subscribe-dropdown__list-item-link\"\n\t\t\t\t\t\t\t\t\t\ttarget=\"_blank\"\n\t\t\t\t\t\t\t\t\t\trel=\"noopener noreferrer nofollow noindex\"\n\t\t\t\t\t\t\t\t\t>\n\t\t\t\t\t\t\t\t\t\tOutlook 365\t\t\t\t\t\t\t\t\t<\/a>\n\t\t\t\t\t\t\t\t<\/li>\n\t\t\t\t\t\t\t\t\t\t\t\t\t\t\t<li class=\"tribe-events-c-subscribe-dropdown__list-item tribe-events-c-subscribe-dropdown__list-item--outlook-live\">\n\t\t\t\t\t\t\t\t\t<a\n\t\t\t\t\t\t\t\t\t\thref=\"\"\n\t\t\t\t\t\t\t\t\t\tclass=\"tribe-events-c-subscribe-dropdown__list-item-link\"\n\t\t\t\t\t\t\t\t\t\ttarget=\"_blank\"\n\t\t\t\t\t\t\t\t\t\trel=\"noopener noreferrer nofollow noindex\"\n\t\t\t\t\t\t\t\t\t>\n\t\t\t\t\t\t\t\t\t\tOutlook Live\t\t\t\t\t\t\t\t\t<\/a>\n\t\t\t\t\t\t\t\t<\/li>\n\t\t\t\t\t\t\t\t\t\t\t\t\t<\/ul>\n\t\t\t\t\t<\/div>\n\t\t\t\t<\/div>\n\t\t\t<\/div>\n\t\t<\/div>\n\t<\/div>\n\n","protected":false},"excerpt":{"rendered":"<p>Liebe Trachtlerinnen und Trachtler,liebe Heimatfreunde, wir m\u00f6chten hiermit alle Trachtenvereine des Trachtengeauverbandes Oberfranken ganz herzlich zuunserer traditionellen \u201eTrachtenwallfahrt 2025\u201c einladen.&hellip;<\/p>\n","protected":false},"author":1,"featured_media":0,"template":"","meta":{"_editorskit_title_hidden":false,"_editorskit_reading_time":0,"_editorskit_is_block_options_detached":false,"_editorskit_block_options_position":"{}","_uag_custom_page_level_css":"","_EventAllDay":false,"_EventTimezone":"Europe\/Berlin","_EventStartDate":"2025-05-25 09:00:00","_EventEndDate":"2025-05-25 09:00:00","_EventStartDateUTC":"2025-05-25 07:00:00","_EventEndDateUTC":"2025-05-25 07:00:00","_EventShowMap":false,"_EventShowMapLink":false,"_EventURL":"","_EventCost":"","_EventCostDescription":"","_EventCurrencySymbol":"\u20ac","_EventCurrencyCode":"EUR","_EventCurrencyPosition":"prefix","_EventDateTimeSeparator":" | ","_EventTimeRangeSeparator":" - ","_EventOrganizerID":[],"_EventVenueID":[],"_OrganizerEmail":"","_OrganizerPhone":"","_OrganizerWebsite":"","_VenueAddress":"","_VenueCity":"","_VenueCountry":"","_VenueProvince":"","_VenueState":"","_VenueZip":"","_VenuePhone":"","_VenueURL":"","_VenueStateProvince":"","_VenueLat":"","_VenueLng":"","_VenueShowMap":false,"_VenueShowMapLink":false,"_tribe_events_status":"","_tribe_events_status_reason":"","footnotes":""},"tags":[],"tribe_events_cat":[],"class_list":["post-630","tribe_events","type-tribe_events","status-publish","hentry"],"uagb_featured_image_src":{"full":false,"thumbnail":false,"medium":false,"medium_large":false,"large":false,"1536x1536":false,"2048x2048":false,"primer-featured":false,"primer-hero":false},"uagb_author_info":{"display_name":"htv","author_link":"https:\/\/htv-nk.de\/index.php\/author\/htv\/"},"uagb_comment_info":0,"uagb_excerpt":"Liebe Trachtlerinnen und Trachtler,liebe Heimatfreunde, wir m\u00f6chten hiermit alle Trachtenvereine des Trachtengeauverbandes Oberfranken ganz herzlich zuunserer traditionellen \u201eTrachtenwallfahrt 2025\u201c einladen.&hellip;","_links":{"self":[{"href":"https:\/\/htv-nk.de\/index.php\/wp-json\/wp\/v2\/tribe_events\/630","targetHints":{"allow":["GET"]}}],"collection":[{"href":"https:\/\/htv-nk.de\/index.php\/wp-json\/wp\/v2\/tribe_events"}],"about":[{"href":"https:\/\/htv-nk.de\/index.php\/wp-json\/wp\/v2\/types\/tribe_events"}],"author":[{"embeddable":true,"href":"https:\/\/htv-nk.de\/index.php\/wp-json\/wp\/v2\/users\/1"}],"version-history":[{"count":2,"href":"https:\/\/htv-nk.de\/index.php\/wp-json\/wp\/v2\/tribe_events\/630\/revisions"}],"predecessor-version":[{"id":632,"href":"https:\/\/htv-nk.de\/index.php\/wp-json\/wp\/v2\/tribe_events\/630\/revisions\/632"}],"wp:attachment":[{"href":"https:\/\/htv-nk.de\/index.php\/wp-json\/wp\/v2\/media?parent=630"}],"wp:term":[{"taxonomy":"post_tag","embeddable":true,"href":"https:\/\/htv-nk.de\/index.php\/wp-json\/wp\/v2\/tags?post=630"},{"taxonomy":"tribe_events_cat","embeddable":true,"href":"https:\/\/htv-nk.de\/index.php\/wp-json\/wp\/v2\/tribe_events_cat?post=630"}],"curies":[{"name":"wp","href":"https:\/\/api.w.org\/{rel}","templated":true}]}}